{"id":536,"date":"2020-06-15T19:12:42","date_gmt":"2020-06-15T17:12:42","guid":{"rendered":"https:\/\/cpirulegi.educacion.navarra.es\/web\/proyectos\/proeducar\/"},"modified":"2021-05-05T10:47:46","modified_gmt":"2021-05-05T08:47:46","slug":"proeducar","status":"publish","type":"page","link":"https:\/\/cpirulegi.educacion.navarra.es\/web\/es\/proyectos\/proeducar\/","title":{"rendered":"Proeducar"},"content":{"rendered":"\n<p><p><strong>PROEDUCAR-HEZIGARRI Navarra es un Programa Educativo de Innovaci\u00f3n<\/strong>\u00a0financiado por el\u00a0<strong><a href=\"https:\/\/ec.europa.eu\/social\/main.jsp?catId=325&amp;langId=es\">Fondo Social Europeo (FSE<\/a>).<\/strong>\u00a0El Servicio de Inclusi\u00f3n, Igualdad y Convivencia del Departamento de Educaci\u00f3n del Gobierno de Navarra pone en marcha dentro del Programa de Orientaci\u00f3n y Refuerzo del FSE, el Programa de Innovaci\u00f3n PROEDUCAR-HEZIGARRI Navarra.<\/p><\/p>\n\n<p><p>Tiene como\u00a0<strong>objetivo general luchar contra el fracaso y el abandono escolar temprano y propiciar la inclusi\u00f3n educativa y el \u00e9xito escolar de todo el alumnado<\/strong>, mediante el establecimiento y ejecuci\u00f3n de un proyecto de mejora que se refleja en un\u00a0<strong>contrato de colaboraci\u00f3n<\/strong>\u00a0de cada Centro Docente con el Departamento de Educaci\u00f3n de Navarra.\u00a0<\/p><\/p>\n\n<p><p>El Programa surge como necesidad de repensar la educaci\u00f3n para dar una\u00a0<strong>respuesta educativa inclusiva que atienda a la diversidad de todo el alumnado<\/strong>. Una respuesta actualizada y ajustada a los nuevos retos sociales, tecnol\u00f3gicos, culturales y ambientales contempor\u00e1neos.<\/p><\/p>\n\n<p><p>La pregunta que nos hacemos en este programa es:\u00a0<strong><br\/>\u00bfQu\u00e9 puede hacer la escuela por la sociedad?<\/strong><\/p><\/p>\n\n<p><p>Una sociedad que atienda y respete la diversidad debe garantizar la\u00a0<strong>inclusi\u00f3n plena<\/strong>\u00a0movilizando para ello todos los recursos disponibles y contando con la complicidad y participaci\u00f3n de toda\u00a0<strong>la Comunidad Educativa como agentes activos de cambio social.<\/strong><\/p><\/p>\n\n<p><p>Dentro de este movimiento social,\u00a0<strong>la escuela debe garantizar que todo el alumnado est\u00e1 atendido seg\u00fan sus necesidades y sus capacidades<\/strong>. Cada ni\u00f1a, cada ni\u00f1o, es diferente y de esa diversidad surge la riqueza que permite aprender individualmente de manera cooperativa. Todo el mundo cuenta y tiene algo que aportar para la mejora de nuestra sociedad<\/p><\/p>\n\n<h2 class=\"wp-block-heading\">Un proyecto que garantiza una educaci\u00f3n de calidad para todo el alumnado<\/h2>\n\n<p><p>El Programa se concreta en el establecimiento y ejecuci\u00f3n de un\u00a0<strong>Plan de Acci\u00f3n<\/strong>\u00a0mediante\u00a0<strong>un contrato de colaboraci\u00f3n de cada Centro Docente con el Departamento de Educaci\u00f3n.<\/strong><\/p><\/p>\n\n<p><p>Cada Centro se compromete a implementar medidas que mejoren\u00a0<strong>la inclusi\u00f3n y el \u00e9xito escolar de su alumnado<\/strong>\u00a0y el Departamento de Educaci\u00f3n del Gobierno de Navarra se compromete a acompa\u00f1ar este proceso con\u00a0<strong>asesoramiento y formaci\u00f3n<\/strong>, a la vez que facilita los\u00a0<strong>recursos necesarios<\/strong>\u00a0para el desarrollo del proyecto.\u00a0<\/p><\/p>\n\n<figure class=\"wp-block-pullquote\"><blockquote><p>Redes de Centros Educativos<\/p><cite><p>Los Centros participantes en el programa se constituyen en\u00a0<strong>Redes de Centros Educativos<\/strong>\u00a0asesoradas por una persona del equipo PROEDUCAR-HEZIGARRI en su proceso de transformaci\u00f3n.<\/p><\/cite><\/blockquote><\/figure>\n<figure class=\"wp-block-pullquote\"><blockquote><p>Una modalidad para cada Centro<\/p><cite>Los Centros participantes en el programa PROEDUCAR-HEZIGARRI\u00a0optar\u00e1n en su proyecto de mejora por una de estas dos modalidades:&#13;\n<br\/>&#13;\nComunidades de aprendizaje&#13;\n<br\/>Transformaci\u00f3n global de Centro autodefinida&#13;\n<\/cite><\/blockquote><\/figure>\n<div class=\"wp-block-columns is-layout-flex wp-container-core-columns-layout-1 wp-block-columns-is-layout-flex\">\n<div class=\"wp-block-column is-layout-flow wp-block-column-is-layout-flow\"><\/div>\n<\/div>\n\n<p><\/p>\n\n<figure class=\"wp-block-image size-large\"><img fetchpriority=\"high\" decoding=\"async\" width=\"1024\" height=\"491\" src=\"https:\/\/cpirulegi.educacion.navarra.es\/web\/wp-content\/uploads\/2020\/10\/logos_webs_centros-1024x491.jpg\" alt=\"\" class=\"wp-image-965\" srcset=\"https:\/\/cpirulegi.educacion.navarra.es\/web\/wp-content\/uploads\/2020\/10\/logos_webs_centros-1024x491.jpg 1024w, https:\/\/cpirulegi.educacion.navarra.es\/web\/wp-content\/uploads\/2020\/10\/logos_webs_centros-300x144.jpg 300w, https:\/\/cpirulegi.educacion.navarra.es\/web\/wp-content\/uploads\/2020\/10\/logos_webs_centros-768x368.jpg 768w, https:\/\/cpirulegi.educacion.navarra.es\/web\/wp-content\/uploads\/2020\/10\/logos_webs_centros.jpg 1233w\" sizes=\"(max-width: 1024px) 100vw, 1024px\" \/><\/figure>","protected":false},"excerpt":{"rendered":"<p>PROEDUCAR-HEZIGARRI Navarra es un Programa Educativo de Innovaci\u00f3n\u00a0financiado por el\u00a0Fondo Social Europeo (FSE).\u00a0El Servicio de Inclusi\u00f3n, Igualdad y Convivencia del Departamento de Educaci\u00f3n del Gobierno de Navarra pone en marcha dentro del Programa de Orientaci\u00f3n y Refuerzo del FSE, el Programa de Innovaci\u00f3n PROEDUCAR-HEZIGARRI Navarra. Tiene como\u00a0objetivo general luchar contra el fracaso y el abandono [&hellip;]<\/p>\n","protected":false},"author":1,"featured_media":331,"parent":510,"menu_order":0,"comment_status":"closed","ping_status":"closed","template":"","meta":{"_genesis_hide_title":false,"_genesis_hide_breadcrumbs":false,"_genesis_hide_singular_image":false,"_genesis_hide_footer_widgets":false,"_genesis_custom_body_class":"","_genesis_custom_post_class":"","_genesis_layout":"","footnotes":""},"_links":{"self":[{"href":"https:\/\/cpirulegi.educacion.navarra.es\/web\/es\/wp-json\/wp\/v2\/pages\/536"}],"collection":[{"href":"https:\/\/cpirulegi.educacion.navarra.es\/web\/es\/wp-json\/wp\/v2\/pages"}],"about":[{"href":"https:\/\/cpirulegi.educacion.navarra.es\/web\/es\/wp-json\/wp\/v2\/types\/page"}],"author":[{"embeddable":true,"href":"https:\/\/cpirulegi.educacion.navarra.es\/web\/es\/wp-json\/wp\/v2\/users\/1"}],"replies":[{"embeddable":true,"href":"https:\/\/cpirulegi.educacion.navarra.es\/web\/es\/wp-json\/wp\/v2\/comments?post=536"}],"version-history":[{"count":8,"href":"https:\/\/cpirulegi.educacion.navarra.es\/web\/es\/wp-json\/wp\/v2\/pages\/536\/revisions"}],"predecessor-version":[{"id":2003,"href":"https:\/\/cpirulegi.educacion.navarra.es\/web\/es\/wp-json\/wp\/v2\/pages\/536\/revisions\/2003"}],"up":[{"embeddable":true,"href":"https:\/\/cpirulegi.educacion.navarra.es\/web\/es\/wp-json\/wp\/v2\/pages\/510"}],"wp:featuredmedia":[{"embeddable":true,"href":"https:\/\/cpirulegi.educacion.navarra.es\/web\/es\/wp-json\/wp\/v2\/media\/331"}],"wp:attachment":[{"href":"https:\/\/cpirulegi.educacion.navarra.es\/web\/es\/wp-json\/wp\/v2\/media?parent=536"}],"curies":[{"name":"wp","href":"https:\/\/api.w.org\/{rel}","templated":true}]}}